{"id":2,"date":"2021-05-16T06:36:32","date_gmt":"2021-05-16T06:36:32","guid":{"rendered":"https:\/\/www.coambclm.es\/?page_id=2"},"modified":"2025-04-01T16:00:50","modified_gmt":"2025-04-01T14:00:50","slug":"sample-page","status":"publish","type":"page","link":"https:\/\/www.coambib.org\/es\/","title":{"rendered":"Portada"},"content":{"rendered":"<section class=\"gb-container gb-container-fdbd6300\" style=\"--background-image: url(https:\/\/www.coambib.org\/wp-content\/uploads\/2023\/10\/logo_coambib_azul_notxt.svg);\">\n<a class=\"gb-container gb-container-f21ce1dd\" href=\"https:\/\/www.coambib.org\/es\/servicios\/\">\n<div class=\"gb-container gb-container-b910f0a6\"><div class=\"gb-shapes\"><div class=\"gb-shape gb-shape-1\"><svg xmlns=\"http:\/\/www.w3.org\/2000\/svg\" viewbox=\"0 0 1200 350\" preserveaspectratio=\"none\"><path d=\"M1200 336.7V350H0V0s22.4 276.4 1200 336.7z\"\/><\/svg><\/div><\/div><\/div>\n\n<div class=\"gb-container gb-container-32e1430d\">\n\n<h2 class=\"gb-headline gb-headline-fcccb11c gb-headline-text\"><strong>Servicios<\/strong><\/h2>\n\n\n\n<h5 class=\"gb-headline gb-headline-d042644b gb-headline-text\">El&nbsp;<span style=\"font-weight:bold;\"><span style=\"color:#01666B;\">COAMB<\/span><span style=\"color:#02BFCE;\">IB<\/span><\/span>&nbsp;dispone de toda una serie de&nbsp;<strong>servicios profesionales<\/strong>&nbsp;tales como el visado de documentos, el registro de peritos ambientales, seguro profesional, ofertas de trabajo, etc.<\/h5>\n\n<\/div>\n<\/a>\n<\/section>\n\n<section class=\"gb-container gb-container-8a45a45f\" style=\"--background-image: url(https:\/\/www.coambib.org\/wp-content\/uploads\/2023\/10\/logo_coambib_azul_notxt.svg);\">\n<a class=\"gb-container gb-container-ad4503f9\" href=\"https:\/\/www.coambib.org\/es\/formacion\/\">\n<div class=\"gb-container gb-container-c0c76b75\">\n\n<h2 class=\"gb-headline gb-headline-cf9c35fc gb-headline-text\"><strong>Formaci\u00f3n<\/strong><\/h2>\n\n\n\n<h5 class=\"gb-headline gb-headline-1fd6f6d3 gb-headline-text\">El&nbsp;<span style=\"font-weight:bold;\"><span style=\"color:#01666B;\">COAMB<\/span><span style=\"color:#02BFCE;\">IB<\/span><\/span>&nbsp;ofrece <strong>cursos<\/strong> para profesionales ambient\u00f3logos y ambient\u00f3logas y tambi\u00e9n a otros profesionales del sector ambiental.<\/h5>\n\n<\/div>\n\n<div class=\"gb-container gb-container-a09b2f0a\"><div class=\"gb-shapes\"><div class=\"gb-shape gb-shape-1\"><svg xmlns=\"http:\/\/www.w3.org\/2000\/svg\" viewbox=\"0 0 1200 350\" preserveaspectratio=\"none\"><path d=\"M1200 336.7V350H0V0s22.4 276.4 1200 336.7z\"\/><\/svg><\/div><\/div><\/div>\n<\/a>\n<\/section>\n\n<section class=\"gb-container gb-container-55a1b643\" style=\"--background-image: url(https:\/\/www.coambib.org\/wp-content\/uploads\/2023\/10\/logo_coambib_azul_notxt.svg);\">\n<a class=\"gb-container gb-container-07de58a8\" href=\"https:\/\/www.coambib.org\/es\/el-colegio\/colegiacion\/\">\n<div class=\"gb-container gb-container-3a920fb1\"><div class=\"gb-shapes\"><div class=\"gb-shape gb-shape-1\"><svg xmlns=\"http:\/\/www.w3.org\/2000\/svg\" viewbox=\"0 0 1200 350\" preserveaspectratio=\"none\"><path d=\"M1200 336.7V350H0V0s22.4 276.4 1200 336.7z\"\/><\/svg><\/div><\/div><\/div>\n\n<div class=\"gb-container gb-container-d13b4d31\">\n\n<h2 class=\"gb-headline gb-headline-c4241b4f gb-headline-text\"><strong><strong>Colegiaci\u00f3n<\/strong><\/strong><\/h2>\n\n\n\n<h5 class=\"gb-headline gb-headline-7ee43f5d gb-headline-text\">Adem\u00e1s de contribuir a defender nuestra profesi\u00f3n podr\u00e1s disfrutar de muchas ventajas.<\/h5>\n\n<\/div>\n<\/a>\n<\/section>\n\n<div class=\"gb-container gb-container-894a1811\">\n<div class=\"gb-container gb-container-57a2f617\">\n\n<h2 class=\"gb-headline gb-headline-6c732010 gb-headline-text\"><strong>\u00daltimas noticias:<\/strong><\/h2>\n\n\n<div class=\"gb-container gb-container-db9fa27d\">\n<div class=\"gb-container gb-container-f5f9c0c3\">\n<div class=\"gb-grid-wrapper gb-grid-wrapper-184e4127\">\n<div class=\"gb-grid-column gb-grid-column-50b15418\"><div class=\"gb-container gb-container-50b15418\">\n\n<div class=\"gb-grid-wrapper gb-grid-wrapper-dcc512e2 gb-query-loop-wrapper\">\n<div class=\"gb-grid-column gb-grid-column-aeda74d0 gb-query-loop-item post-5868 post type-post status-publish format-standard hentry category-convocatories\"><div class=\"gb-container gb-container-aeda74d0\">\n<div class=\"gb-container gb-container-e0189ef0\"><a class=\"gb-container-link\" href=\"https:\/\/www.coambib.org\/es\/convocatorias\/educador-a-ambiental-mancomunidad-des-raiguer\/\"><\/a>\n<div class=\"gb-container gb-container-edc4bc8a\">\n<div class=\"gb-container gb-container-ba3003a2\"><\/div>\n<\/div>\n\n<div class=\"gb-container gb-container-4573d7dd\">\n<p class=\"gb-headline gb-headline-7cd3744e dynamic-term-class\"><span class=\"gb-icon\"><svg aria-hidden=\"true\" role=\"img\" height=\"1em\" width=\"1em\" viewbox=\"0 0 448 512\" xmlns=\"http:\/\/www.w3.org\/2000\/svg\"><path fill=\"currentColor\" d=\"M448 360V24c0-13.3-10.7-24-24-24H96C43 0 0 43 0 96v320c0 53 43 96 96 96h328c13.3 0 24-10.7 24-24v-16c0-7.5-3.5-14.3-8.9-18.7-4.2-15.4-4.2-59.3 0-74.7 5.4-4.3 8.9-11.1 8.9-18.6zM128 134c0-3.3 2.7-6 6-6h212c3.3 0 6 2.7 6 6v20c0 3.3-2.7 6-6 6H134c-3.3 0-6-2.7-6-6v-20zm0 64c0-3.3 2.7-6 6-6h212c3.3 0 6 2.7 6 6v20c0 3.3-2.7 6-6 6H134c-3.3 0-6-2.7-6-6v-20zm253.4 250H96c-17.7 0-32-14.3-32-32 0-17.6 14.4-32 32-32h285.4c-1.9 17.1-1.9 46.9 0 64z\"><\/path><\/svg><\/span><span class=\"gb-headline-text\"><span class=\"post-term-item term-convocatories\">Convocatorias<\/span><\/span><\/p>\n\n<h4 class=\"gb-headline gb-headline-4ec2b00e gb-headline-text\"><a href=\"https:\/\/www.coambib.org\/es\/convocatorias\/educador-a-ambiental-mancomunidad-des-raiguer\/\">Educador\/a Ambiental \u2013 Mancomunidad des Raiguer<\/a><\/h4>\n<\/div>\n<\/div>\n<\/div><\/div>\n<\/div>\n\n<\/div><\/div>\n\n<div class=\"gb-grid-column gb-grid-column-03836e45\"><div class=\"gb-container gb-container-03836e45\">\n\n<div class=\"gb-grid-wrapper gb-grid-wrapper-e07fd880 gb-query-loop-wrapper\">\n<div class=\"gb-grid-column gb-grid-column-a9bd96c0 gb-query-loop-item post-5865 post type-post status-publish format-standard hentry category-ofertes-feina\"><div class=\"gb-container gb-container-a9bd96c0\">\n<div class=\"gb-container gb-container-2fe2125d\">\n<div class=\"gb-container gb-container-a08211bd\">\n<div class=\"gb-container gb-container-88e2d443\"><\/div>\n<\/div>\n\n<div class=\"gb-container gb-container-dd22a79c\">\n<p class=\"gb-headline gb-headline-8260194c dynamic-term-class\"><span class=\"gb-icon\"><svg aria-hidden=\"true\" role=\"img\" height=\"1em\" width=\"1em\" viewbox=\"0 0 448 512\" xmlns=\"http:\/\/www.w3.org\/2000\/svg\"><path fill=\"currentColor\" d=\"M448 360V24c0-13.3-10.7-24-24-24H96C43 0 0 43 0 96v320c0 53 43 96 96 96h328c13.3 0 24-10.7 24-24v-16c0-7.5-3.5-14.3-8.9-18.7-4.2-15.4-4.2-59.3 0-74.7 5.4-4.3 8.9-11.1 8.9-18.6zM128 134c0-3.3 2.7-6 6-6h212c3.3 0 6 2.7 6 6v20c0 3.3-2.7 6-6 6H134c-3.3 0-6-2.7-6-6v-20zm0 64c0-3.3 2.7-6 6-6h212c3.3 0 6 2.7 6 6v20c0 3.3-2.7 6-6 6H134c-3.3 0-6-2.7-6-6v-20zm253.4 250H96c-17.7 0-32-14.3-32-32 0-17.6 14.4-32 32-32h285.4c-1.9 17.1-1.9 46.9 0 64z\"><\/path><\/svg><\/span><span class=\"gb-headline-text\"><span class=\"post-term-item term-ofertes-feina\">Ofertas de Empleo<\/span><\/span><\/p>\n\n<h4 class=\"gb-headline gb-headline-4abe2de1 gb-headline-text\"><a href=\"https:\/\/www.coambib.org\/es\/ofertas-trabajo\/seleccion-de-personal-sinergias-consultoria\/\">Selecci\u00f3n de Personal \u2013 Sinergias Consultor\u00eda<\/a><\/h4>\n<\/div>\n<\/div>\n<\/div><\/div>\n<\/div>\n\n<\/div><\/div>\n\n<div class=\"gb-grid-column gb-grid-column-96ff4aa5\"><div class=\"gb-container gb-container-96ff4aa5\">\n\n<div class=\"gb-grid-wrapper gb-grid-wrapper-aab82eee gb-query-loop-wrapper\">\n<div class=\"gb-grid-column gb-grid-column-18649051 gb-query-loop-item post-5859 post type-post status-publish format-standard hentry category-ofertes-feina\"><div class=\"gb-container gb-container-18649051\">\n<div class=\"gb-container gb-container-a5a5c4f0\"><a class=\"gb-container-link\" href=\"https:\/\/www.coambib.org\/es\/ofertas-trabajo\/tecnico-de-recogida-de-fauna-silvestre-recuperacion-de-fauna-silvestre-cofib\/\"><\/a>\n<div class=\"gb-container gb-container-4a051032\">\n<div class=\"gb-container gb-container-594d1eaa\"><\/div>\n<\/div>\n\n<div class=\"gb-container gb-container-a6600499\">\n<p class=\"gb-headline gb-headline-2f31d0d3 dynamic-term-class\"><span class=\"gb-icon\"><svg aria-hidden=\"true\" role=\"img\" height=\"1em\" width=\"1em\" viewbox=\"0 0 448 512\" xmlns=\"http:\/\/www.w3.org\/2000\/svg\"><path fill=\"currentColor\" d=\"M448 360V24c0-13.3-10.7-24-24-24H96C43 0 0 43 0 96v320c0 53 43 96 96 96h328c13.3 0 24-10.7 24-24v-16c0-7.5-3.5-14.3-8.9-18.7-4.2-15.4-4.2-59.3 0-74.7 5.4-4.3 8.9-11.1 8.9-18.6zM128 134c0-3.3 2.7-6 6-6h212c3.3 0 6 2.7 6 6v20c0 3.3-2.7 6-6 6H134c-3.3 0-6-2.7-6-6v-20zm0 64c0-3.3 2.7-6 6-6h212c3.3 0 6 2.7 6 6v20c0 3.3-2.7 6-6 6H134c-3.3 0-6-2.7-6-6v-20zm253.4 250H96c-17.7 0-32-14.3-32-32 0-17.6 14.4-32 32-32h285.4c-1.9 17.1-1.9 46.9 0 64z\"><\/path><\/svg><\/span><span class=\"gb-headline-text\"><span class=\"post-term-item term-ofertes-feina\">Ofertas de Empleo<\/span><\/span><\/p>\n\n<h4 class=\"gb-headline gb-headline-6451e728 gb-headline-text\"><a href=\"https:\/\/www.coambib.org\/es\/ofertas-trabajo\/tecnico-de-recogida-de-fauna-silvestre-recuperacion-de-fauna-silvestre-cofib\/\">T\u00e9cnico\/a de Recogida de Fauna Silvestre \u2013 Recuperaci\u00f3n de Fauna Silvestre COFIB<\/a><\/h4>\n<\/div>\n<\/div>\n<\/div><\/div>\n\n<div class=\"gb-grid-column gb-grid-column-18649051 gb-query-loop-item post-5842 post type-post status-publish format-standard hentry category-ofertes-feina\"><div class=\"gb-container gb-container-18649051\">\n<div class=\"gb-container gb-container-a5a5c4f0\"><a class=\"gb-container-link\" href=\"https:\/\/www.coambib.org\/es\/ofertas-trabajo\/coordinador-de-contenidos-en-alfabetizacion-marina-instituto-mediterraneo-de-estudios-avanzados\/\"><\/a>\n<div class=\"gb-container gb-container-4a051032\">\n<div class=\"gb-container gb-container-594d1eaa\"><\/div>\n<\/div>\n\n<div class=\"gb-container gb-container-a6600499\">\n<p class=\"gb-headline gb-headline-2f31d0d3 dynamic-term-class\"><span class=\"gb-icon\"><svg aria-hidden=\"true\" role=\"img\" height=\"1em\" width=\"1em\" viewbox=\"0 0 448 512\" xmlns=\"http:\/\/www.w3.org\/2000\/svg\"><path fill=\"currentColor\" d=\"M448 360V24c0-13.3-10.7-24-24-24H96C43 0 0 43 0 96v320c0 53 43 96 96 96h328c13.3 0 24-10.7 24-24v-16c0-7.5-3.5-14.3-8.9-18.7-4.2-15.4-4.2-59.3 0-74.7 5.4-4.3 8.9-11.1 8.9-18.6zM128 134c0-3.3 2.7-6 6-6h212c3.3 0 6 2.7 6 6v20c0 3.3-2.7 6-6 6H134c-3.3 0-6-2.7-6-6v-20zm0 64c0-3.3 2.7-6 6-6h212c3.3 0 6 2.7 6 6v20c0 3.3-2.7 6-6 6H134c-3.3 0-6-2.7-6-6v-20zm253.4 250H96c-17.7 0-32-14.3-32-32 0-17.6 14.4-32 32-32h285.4c-1.9 17.1-1.9 46.9 0 64z\"><\/path><\/svg><\/span><span class=\"gb-headline-text\"><span class=\"post-term-item term-ofertes-feina\">Ofertas de Empleo<\/span><\/span><\/p>\n\n<h4 class=\"gb-headline gb-headline-6451e728 gb-headline-text\"><a href=\"https:\/\/www.coambib.org\/es\/ofertas-trabajo\/coordinador-de-contenidos-en-alfabetizacion-marina-instituto-mediterraneo-de-estudios-avanzados\/\">Coordinador\/a de Contenidos en Alfabetizaci\u00f3n Marina - Instituto Mediterr\u00e1neo de Estudios Avanzados<\/a><\/h4>\n<\/div>\n<\/div>\n<\/div><\/div>\n\n<div class=\"gb-grid-column gb-grid-column-18649051 gb-query-loop-item post-5831 post type-post status-publish format-standard hentry category-ofertes-feina\"><div class=\"gb-container gb-container-18649051\">\n<div class=\"gb-container gb-container-a5a5c4f0\"><a class=\"gb-container-link\" href=\"https:\/\/www.coambib.org\/es\/ofertas-trabajo\/informadores-se-ambientales-sistemas-medioambientales-sl\/\"><\/a>\n<div class=\"gb-container gb-container-4a051032\">\n<div class=\"gb-container gb-container-594d1eaa\"><\/div>\n<\/div>\n\n<div class=\"gb-container gb-container-a6600499\">\n<p class=\"gb-headline gb-headline-2f31d0d3 dynamic-term-class\"><span class=\"gb-icon\"><svg aria-hidden=\"true\" role=\"img\" height=\"1em\" width=\"1em\" viewbox=\"0 0 448 512\" xmlns=\"http:\/\/www.w3.org\/2000\/svg\"><path fill=\"currentColor\" d=\"M448 360V24c0-13.3-10.7-24-24-24H96C43 0 0 43 0 96v320c0 53 43 96 96 96h328c13.3 0 24-10.7 24-24v-16c0-7.5-3.5-14.3-8.9-18.7-4.2-15.4-4.2-59.3 0-74.7 5.4-4.3 8.9-11.1 8.9-18.6zM128 134c0-3.3 2.7-6 6-6h212c3.3 0 6 2.7 6 6v20c0 3.3-2.7 6-6 6H134c-3.3 0-6-2.7-6-6v-20zm0 64c0-3.3 2.7-6 6-6h212c3.3 0 6 2.7 6 6v20c0 3.3-2.7 6-6 6H134c-3.3 0-6-2.7-6-6v-20zm253.4 250H96c-17.7 0-32-14.3-32-32 0-17.6 14.4-32 32-32h285.4c-1.9 17.1-1.9 46.9 0 64z\"><\/path><\/svg><\/span><span class=\"gb-headline-text\"><span class=\"post-term-item term-ofertes-feina\">Ofertas de Empleo<\/span><\/span><\/p>\n\n<h4 class=\"gb-headline gb-headline-6451e728 gb-headline-text\"><a href=\"https:\/\/www.coambib.org\/es\/ofertas-trabajo\/informadores-se-ambientales-sistemas-medioambientales-sl\/\">Informadores\/as Ambientales \u2013 Sistemas Medioambientales SL<\/a><\/h4>\n<\/div>\n<\/div>\n<\/div><\/div>\n<\/div>\n\n<\/div><\/div>\n<\/div>\n<\/div>\n<\/div>\n\n<div class=\"gb-button-wrapper gb-button-wrapper-e7a37987\">\n\n<a class=\"gb-button gb-button-8765b6af\" href=\"https:\/\/www.coambib.org\/es\/categoria\/noticias-2\/\"><span class=\"gb-icon\"><svg aria-hidden=\"true\" role=\"img\" height=\"1em\" width=\"1em\" viewbox=\"0 0 448 512\" xmlns=\"http:\/\/www.w3.org\/2000\/svg\"><path fill=\"currentColor\" d=\"M416 208H272V64c0-17.67-14.33-32-32-32h-32c-17.67 0-32 14.33-32 32v144H32c-17.67 0-32 14.33-32 32v32c0 17.67 14.33 32 32 32h144v144c0 17.67 14.33 32 32 32h32c17.67 0 32-14.33 32-32V304h144c17.67 0 32-14.33 32-32v-32c0-17.67-14.33-32-32-32z\"><\/path><\/svg><\/span><span class=\"gb-button-text\">Noticias\u2026<\/span><\/a>\n\n<\/div>\n<\/div>\n<\/div>","protected":false},"excerpt":{"rendered":"<p>Serveis El&nbsp;&nbsp;disposa de tot un seguit de&nbsp;serveis professionals&nbsp;com ara el visat de documents, el registre de perits ambientals, asseguran\u00e7a professional, ofertes de treball, etc. Formaci\u00f3 El&nbsp;&nbsp;ofereix cursos per a professionals ambient\u00f2legs i ambient\u00f2logues i tamb\u00e9 a altres professionals del sector ambiental. Col\u00b7legiaci\u00f3 A m\u00e9s a m\u00e9s de contribuir a defensar la nostra professi\u00f3 podr\u00e0s gaudir &#8230; <\/p>\n<p class=\"read-more-container\"><a title=\"Portada\" class=\"read-more button\" href=\"https:\/\/www.coambib.org\/es\/#more-2\" aria-label=\"Leer m\u00e1s sobre Portada\"> Leer m\u00e1s\u2026<\/a><\/p>","protected":false},"author":1,"featured_media":0,"parent":0,"menu_order":0,"comment_status":"closed","ping_status":"closed","template":"","meta":{"_acf_changed":false,"footnotes":""},"class_list":["post-2","page","type-page","status-publish"],"acf":[],"_links":{"self":[{"href":"https:\/\/www.coambib.org\/es\/wp-json\/wp\/v2\/pages\/2","targetHints":{"allow":["GET"]}}],"collection":[{"href":"https:\/\/www.coambib.org\/es\/wp-json\/wp\/v2\/pages"}],"about":[{"href":"https:\/\/www.coambib.org\/es\/wp-json\/wp\/v2\/types\/page"}],"author":[{"embeddable":true,"href":"https:\/\/www.coambib.org\/es\/wp-json\/wp\/v2\/users\/1"}],"replies":[{"embeddable":true,"href":"https:\/\/www.coambib.org\/es\/wp-json\/wp\/v2\/comments?post=2"}],"version-history":[{"count":3,"href":"https:\/\/www.coambib.org\/es\/wp-json\/wp\/v2\/pages\/2\/revisions"}],"predecessor-version":[{"id":4822,"href":"https:\/\/www.coambib.org\/es\/wp-json\/wp\/v2\/pages\/2\/revisions\/4822"}],"wp:attachment":[{"href":"https:\/\/www.coambib.org\/es\/wp-json\/wp\/v2\/media?parent=2"}],"curies":[{"name":"wp","href":"https:\/\/api.w.org\/{rel}","templated":true}]}}